{"id":2234,"date":"2025-06-07T07:55:44","date_gmt":"2025-06-07T05:55:44","guid":{"rendered":"https:\/\/klangfestivalen.no\/?page_id=2234"},"modified":"2025-08-15T18:38:10","modified_gmt":"2025-08-15T16:38:10","slug":"artister-2025-2","status":"publish","type":"page","link":"https:\/\/klangfestivalen.no\/?page_id=2234","title":{"rendered":"Arrangement 2025"},"content":{"rendered":"\n<p class=\"has-medium-font-size\"><strong>Fredag 22.august 1930 Festivalopning og konsert med Bj\u00f8rn Tomren og \u00c5se Britt Reme Jakobsen<\/strong><\/p>\n\n\n\n<div class=\"wp-block-media-text is-stacked-on-mobile\" style=\"grid-template-columns:25% auto\"><figure class=\"wp-block-media-text__media\"><img loading=\"lazy\" decoding=\"async\" width=\"744\" height=\"960\" src=\"https:\/\/klangfestivalen.no\/wp-content\/uploads\/2025\/06\/Bjorn-Tomren.jpg\" alt=\"\" class=\"wp-image-2413 size-full\" srcset=\"https:\/\/klangfestivalen.no\/wp-content\/uploads\/2025\/06\/Bjorn-Tomren.jpg 744w, https:\/\/klangfestivalen.no\/wp-content\/uploads\/2025\/06\/Bjorn-Tomren-233x300.jpg 233w\" sizes=\"auto, (max-width: 744px) 100vw, 744px\" \/><\/figure><div class=\"wp-block-media-text__content\">\n<p>Opning ved Knut Anders Vestad, duoen Tuva Halse (fiolin) og Tobias Eikrem (piano) fr\u00e5 prosjektet Circle of Art og elevar fr\u00e5 Hustadvika kulturskole Lisa Stenberg, Tora Eidem, Marie Synn\u00f8ve Torheim, song, Ira Borgen, piano, Oliver Dalstein-Westad, trommer, Olav Bull R\u00f8dseth, trommer. <\/p>\n\n\n\n<p>Etter opninga blir det konsert med den folkekj\u00e6re Stjernekampvinnaren Bj\u00f8rn Tomren fr\u00e5 Tomrefjord som saman med sin sambuar \u00c5se Britt Reme Jakobsen skal gje oss halvannan time med variert repertoar, fr\u00e5 jodling til religi\u00f8se folketonar og country.<\/p>\n\n\n\n<p>Hausten 2021 imponerte Bj\u00f8rn Tomren heile Noreg i NRK-serien \u00abStjernekamp\u00bb. Med eit unikt uttrykk og ei sterk formidlingsevne vart han raskt allemannseige og omtala som \u00abden kulaste artisten i Stjernekamp gjennom tidene\u00bb. Suksessen vart f\u00f8lgd opp med ein landsdekkande turn\u00e9 og tre utselde konsertar i Oslo Konserthus.<\/p>\n\n\n\n<p>Tomren, artisten, l\u00e5tskrivaren og komikaren fr\u00e5 Tomrefjorden, er \u00f2g kjend fr\u00e5 jodle- og trekkspelduoen Polkabj\u00f8rn &amp; Kleine Heine, som mellom anna har varma opp for a-ha og blitt dokumentarfilmstjerner i \u00abKunsten \u00e5 jodle\u00bb. Han har gitt ut to kritikarroste album: \u00abBad Science Fiction\u00bb (2019) og \u00abThe Astronomer\u2019s Dream\u00bb (2023).<\/p>\n\n\n\n<p>Som ein av dei mest allsidige musikarane i landet, spenner Tomrens musikalske rekkevidde fr\u00e5 americana og religi\u00f8se folketonar til jazz, viser, jodling, strupesong, dialektpunk og psykedelisk protestmusikk.<br>Med seg p\u00e5 scena har Tomren sambuaren sin, \u00c5se Britt Reme Jakobsen. Jakobsen er musikar, songar og l\u00e5tskrivar. Dei siste \u00e5ra har ho vore aktiv som ut\u00f8var, og har p\u00e5 kort tid gjort seg bemerka som ei sterk stemme innanfor country, blues, jazz og norsk folkemusikk. Ho har vore medlem i og medverka i fleire band, og har ei sentral vokalrolle p\u00e5 Bj\u00f8rn Tomrens debutalbum Bad Science Fiction (2019).<\/p>\n\n\n\n<p>Foto Thor Br\u00f8dreskift<\/p>\n<\/div><\/div>\n\n\n\n<hr class=\"wp-block-separator has-alpha-channel-opacity\"\/>\n\n\n\n<p><strong>Laurdag 23. august 1730 Fred, Fredose, Fred<\/strong><\/p>\n\n\n\n<div class=\"wp-block-media-text is-stacked-on-mobile is-vertically-aligned-top\" style=\"grid-template-columns:25% auto\"><figure class=\"wp-block-media-text__media\"><a href=\"https:\/\/klangfestivalen.no\/wp-content\/uploads\/2025\/07\/48728428de1f3a5728f0ffa982a66542.png\"><img loading=\"lazy\" decoding=\"async\" width=\"1024\" height=\"578\" src=\"https:\/\/klangfestivalen.no\/wp-content\/uploads\/2025\/07\/48728428de1f3a5728f0ffa982a66542-1024x578.png\" alt=\"\" class=\"wp-image-2710 size-full\" srcset=\"https:\/\/klangfestivalen.no\/wp-content\/uploads\/2025\/07\/48728428de1f3a5728f0ffa982a66542-1024x578.png 1024w, https:\/\/klangfestivalen.no\/wp-content\/uploads\/2025\/07\/48728428de1f3a5728f0ffa982a66542-300x169.png 300w, https:\/\/klangfestivalen.no\/wp-content\/uploads\/2025\/07\/48728428de1f3a5728f0ffa982a66542-768x433.png 768w, https:\/\/klangfestivalen.no\/wp-content\/uploads\/2025\/07\/48728428de1f3a5728f0ffa982a66542.png 1227w\" sizes=\"auto, (max-width: 1024px) 100vw, 1024px\" \/><\/a><\/figure><div class=\"wp-block-media-text__content\">\n<p>I \u00e5r er det 80 \u00e5r sidan vi fekk fred i Norge etter fem \u00e5r med okkupasjon. Vi vil markere dette med \u00e5 sj\u00e5 p\u00e5 korleis det var i Fr\u00e6na den tida, og korleis verda ser ut i dei omveltande tidene vi lever i i dag.<\/p>\n\n\n\n<p>Prolog om fred \u2013 Kjell Magne Bondevik<br>Urframf\u00f8ring av Fredose av Knut Anders Vestad<br>Utdrag fr\u00e5 Kvartett for tidens ende av Olivier Messiaen<\/p>\n\n\n\n<p>Medverkande:<br>Kjell Magne Bondevik, prolog<br>Kristiansund Sinfonietta<br>Radmila Stojkovic, klaver<br>Margrete Kvalbein, dans<br>Brit Sundsb\u00f8, formidlar<br>Bjarne Har\u00f8y, resitasjon<br>Ung klang:<br>Iulianiia Lazurchenko, song<br>Erik Zanella, song<\/p>\n<\/div><\/div>\n\n\n\n<div class=\"wp-block-media-text is-stacked-on-mobile is-vertically-aligned-top\" style=\"grid-template-columns:25% auto\"><figure class=\"wp-block-media-text__media\"><a href=\"https:\/\/klangfestivalen.no\/wp-content\/uploads\/2025\/07\/Fredose-bilde-grav-4.jpg\"><img loading=\"lazy\" decoding=\"async\" width=\"435\" height=\"402\" src=\"https:\/\/klangfestivalen.no\/wp-content\/uploads\/2025\/07\/Fredose-bilde-grav-4.jpg\" alt=\"\" class=\"wp-image-2709 size-full\" srcset=\"https:\/\/klangfestivalen.no\/wp-content\/uploads\/2025\/07\/Fredose-bilde-grav-4.jpg 435w, https:\/\/klangfestivalen.no\/wp-content\/uploads\/2025\/07\/Fredose-bilde-grav-4-300x277.jpg 300w\" sizes=\"auto, (max-width: 435px) 100vw, 435px\" \/><\/a><\/figure><div class=\"wp-block-media-text__content\">\n<p>Fredose (2018) handlar om den russiske krigsfangen Fredose Goman som sat i fangenskap i Bud utanfor Molde under andre verdskrig. Han klarte \u00e5 r\u00f8mme. Etter tre dagar s\u00f8kte han hjelp hos ein bonde, men i staden for \u00e5 hjelpe, som han sa han skulle, varsla bonden tyskarane og Fredose vart arrestert, stygt torturert og skoten.<\/p>\n\n\n\n<p>Det er politirapporten fr\u00e5 3. juni 1945 som blir resitert. Den var gjeven p\u00e5 ukrainsk, omsett til tysk, og s\u00e5 til norsk. S\u00e5 det har blitt mange misforst\u00e5ingar p\u00e5 vegen, til d\u00f8mes korleis namnet til Fredose vart skriven: i rapporten skrivast det Feodosi Goman, medan det p\u00e5 gravsteinen er skrevet Fredose Homan.<\/p>\n\n\n\n<p>P\u00e5 konserten blir det ogs\u00e5 eit utdrag fr\u00e5 Olivier Messiaens Kvartett til tidens ende<\/p>\n\n\n\n<p>Kjell Magne Bondevik vil halde ein fredsprolog<\/p>\n\n\n\n<p>(Foto: Eva Tverberg)<\/p>\n<\/div><\/div>\n\n\n\n<div class=\"wp-block-media-text is-stacked-on-mobile is-vertically-aligned-top\" style=\"grid-template-columns:25% auto\"><figure class=\"wp-block-media-text__media\"><a href=\"https:\/\/klangfestivalen.no\/wp-content\/uploads\/2023\/04\/KnutAndersVestad2.jpg\"><img loading=\"lazy\" decoding=\"async\" width=\"400\" height=\"400\" src=\"https:\/\/klangfestivalen.no\/wp-content\/uploads\/2023\/04\/KnutAndersVestad2.jpg\" alt=\"\" class=\"wp-image-1645 size-full\" srcset=\"https:\/\/klangfestivalen.no\/wp-content\/uploads\/2023\/04\/KnutAndersVestad2.jpg 400w, https:\/\/klangfestivalen.no\/wp-content\/uploads\/2023\/04\/KnutAndersVestad2-150x150.jpg 150w, https:\/\/klangfestivalen.no\/wp-content\/uploads\/2023\/04\/KnutAndersVestad2-300x300.jpg 300w\" sizes=\"auto, (max-width: 400px) 100vw, 400px\" \/><\/a><\/figure><div class=\"wp-block-media-text__content\">\n<p>Knut Anders Vestad (1969)<\/p>\n\n\n\n<p>Bakgrunnen for \u00abFredose\u00bb var ei historie far min ofte fortalde n\u00e5r eg var liten. Han var f\u00f8dd i 1930, og vaks opp ikkje langt unna der fangen Fredose Goman vart arrestert og drepen under krigen.<\/p>\n\n\n\n<p>Far min var 13 \u00e5r da dette skjedde, s\u00e5 han var eit tidsvitne. Kvar litle juleaftan, n\u00e5r vi skulle levere g\u00e5ver til slekta, var vi ogs\u00e5 innom kyrkjegarden i Bud. Da gjekk vi alltid til Fredose Goman si grav. Det var nifst n\u00e5r far min fortalde, men no i vaksen alder, n\u00e5r eg har lest politirapporten ser eg at det var verre enn eg trudde.<\/p>\n\n\n\n<p>Knut Anders byrja sin musikalske reise med orgelmusikk i V\u00e5g\u00f8y kyrkje og undervisning ved Fr\u00e6na musikkskole. Med utdanning fr\u00e5 Tr\u00f8ndelag Musikkonservatorium, har han etablert seg som ein sentral figur i norsk musikkliv og er no tilsett som f\u00f8rsteamanuensis ved NTNU, Institutt for musikk i komposisjonsfag.<\/p>\n\n\n\n<p>Vestad har skrevet musikk i ulike sjangrar fr\u00e5 opera, oratorium, musikalar til teater- og kammermusikk.<\/p>\n\n\n\n<p>Han skriv strykearrangement for artistar som AURORA, Sigrid, Sissel, \u00c5ge, Stargate, Moddi, Ingebj\u00f8rg Bratland, Eva Weel Skram, deLillos, Adam Douglas mfl. Har arrangert for TrondheimSolistene, Trondheim symfoniorkester, KORK, Arktisk filharmoni og Bergen filharmoniske orkester.<\/p>\n\n\n\n<p>Bestillingsverket Tjaktje \u2013 haust vart urframf\u00f8rt p\u00e5 Olavsfest 2024 med Marja Mortensson som solist i lag med TrondheimSolistene.<\/p>\n\n\n\n<p>To av hans operaer er framf\u00f8rt ved Den Norske Opera: Unge Hamsun (2009) og Johnny &amp; Mariann (2013).<\/p>\n\n\n\n<p>Skriv ogs\u00e5 tekst; som musikalane Flamme, Fisboblefest, Cappuccinosanger.<\/p>\n\n\n\n<p>Var kunstnerisk leiar for Kibnebfestivalen i Agdenes fr\u00e5 1999-2019.<\/p>\n\n\n\n<p>I 2025 har han urpremiere p\u00e5 to musikkdramatiske verk; musikkspelet Ane \u2013 Bj\u00f8rnedrepersken og rockeoperaen Det brinn p\u00e5 kvart fjell.<\/p>\n\n\n\n<p>(Foto: Berre)<\/p>\n<\/div><\/div>\n\n\n\n<div class=\"wp-block-media-text is-stacked-on-mobile is-vertically-aligned-top\" style=\"grid-template-columns:25% auto\"><figure class=\"wp-block-media-text__media\"><a href=\"https:\/\/klangfestivalen.no\/wp-content\/uploads\/2025\/07\/Operaen-i-Kr.-sund-1.avif\"><img loading=\"lazy\" decoding=\"async\" width=\"980\" height=\"980\" src=\"https:\/\/klangfestivalen.no\/wp-content\/uploads\/2025\/07\/Operaen-i-Kr.-sund-1.avif\" alt=\"\" class=\"wp-image-2708 size-full\" srcset=\"https:\/\/klangfestivalen.no\/wp-content\/uploads\/2025\/07\/Operaen-i-Kr.-sund-1.avif 980w, https:\/\/klangfestivalen.no\/wp-content\/uploads\/2025\/07\/Operaen-i-Kr.-sund-1-300x300.avif 300w, https:\/\/klangfestivalen.no\/wp-content\/uploads\/2025\/07\/Operaen-i-Kr.-sund-1-150x150.avif 150w, https:\/\/klangfestivalen.no\/wp-content\/uploads\/2025\/07\/Operaen-i-Kr.-sund-1-768x768.avif 768w\" sizes=\"auto, (max-width: 980px) 100vw, 980px\" \/><\/a><\/figure><div class=\"wp-block-media-text__content\">\n<p>Ni musikarar er med fr\u00e5 Kristiansund Sifonietta og framf\u00f8rer &laquo;Fredose&raquo; av Knut Anders Vestad:<\/p>\n\n\n\n<p>Jasmina Zivic, fl\u00f8yte<br>Marcus Alexandersson, klarinett<br>Wojciech Ulatowski, fagott<br>Eric Dullaert, horn<br>Robert Sztorc, perkusjon<br>Trond Harald Saltnes, fiolin 1\/konsertmester<br>Odd Frei Sonntag, fiolin 2<br>Anna Ostachowska, bratsj<br>Zhala Aliyeva, cello<\/p>\n\n\n\n<p>I tillegg er Marcus Alexandersson, klarinett, Trond Harald Saltnes, fiolin og cellist Zhala Aliyeva med p\u00e5 utdrag fr\u00e5 &laquo;Kvartett for tidens ende&raquo; av Olivier Messiaen saman med Radmila Stojkovic ved flygelet og Margrete Kvalbein, dans<\/p>\n<\/div><\/div>\n\n\n\n<div class=\"wp-block-media-text is-stacked-on-mobile is-vertically-aligned-top\" style=\"grid-template-columns:25% auto\"><figure class=\"wp-block-media-text__media\"><a href=\"https:\/\/klangfestivalen.no\/wp-content\/uploads\/2025\/08\/Radmila.jpg\"><img loading=\"lazy\" decoding=\"async\" width=\"494\" height=\"843\" src=\"https:\/\/klangfestivalen.no\/wp-content\/uploads\/2025\/08\/Radmila.jpg\" alt=\"\" class=\"wp-image-2731 size-full\" srcset=\"https:\/\/klangfestivalen.no\/wp-content\/uploads\/2025\/08\/Radmila.jpg 494w, https:\/\/klangfestivalen.no\/wp-content\/uploads\/2025\/08\/Radmila-176x300.jpg 176w\" sizes=\"auto, (max-width: 494px) 100vw, 494px\" \/><\/a><\/figure><div class=\"wp-block-media-text__content\">\n<p>RADMILA STOJKOVIC er utdanna pianist og pianopedagog fr\u00e5 Serbia med mastergrad i piano fr\u00e5 Universitetet i Beograd. Ho kom til Norge i 1994 og har sidan undervist ved Fr\u00e6na musikkskole, no Hustadvika kulturskole. Ho har vore aktiv b\u00e5de som solist, kammermusikar og akkompagnat\u00f8r, samarbeida med Operaen i Kristiansund og heldt foredrag for EPTA Norge (European Piano Teachers Association) og EPTA Internasjonal.<\/p>\n\n\n\n<p>Hennar elevar har vunne b\u00e5de nasjonale og internasjonale prisar i pianokonkurransar, vore solistar med Romsdalsorkesteret og deltatt i talentprogrammet Unge Musikere i Trondheim.<\/p>\n\n\n\n<p>Laurdag 23. august (kl. 17) p\u00e5 markeringa av frigjeringsjubileet: FRED, FREDOSE, FRED, framf\u00f8rer Radmila Stojkovic sats 7 fr\u00e5 \u00abKvartett for tidens ende\u00bb (Quattuor pour la fin de temps) av Olivier Messiaen (1908-1992).<\/p>\n\n\n\n<p>Messiaen skreiv verket d\u00e5 han sat i ein tysk fangeleir i 1940-41, og \u00abKvartett for tidens ende\u00bb er eit av 1900-tallets mest sentrale kammermusikkverk.<\/p>\n\n\n\n<p>I tillegg til Radmila p\u00e5 klaver medverkar:<br>Marcus Alexandersson, klarinett<br>Trond Harald Saltnes, fiolin<br>Zhala Aliyeva, cello<br>Margrete Kvalbein, dans<\/p>\n\n\n\n<p>\u00abKvartett for tidens ende\u00bb er eit gripande testamente til tida og konteksten den vart skreve i, og er framleis relevant; ingen som har h\u00f8yrt den oppf\u00f8rt \u00ablive\u00bb g\u00e5r fr\u00e5 konserten ur\u00f8rd<\/p>\n\n\n\n<p>Velkommen!<\/p>\n<\/div><\/div>\n\n\n\n<div class=\"wp-block-media-text is-stacked-on-mobile is-vertically-aligned-top\" style=\"grid-template-columns:25% auto\"><figure class=\"wp-block-media-text__media\"><a href=\"https:\/\/klangfestivalen.no\/wp-content\/uploads\/2025\/08\/Kvalbein.jpg\"><img loading=\"lazy\" decoding=\"async\" width=\"232\" height=\"218\" src=\"https:\/\/klangfestivalen.no\/wp-content\/uploads\/2025\/08\/Kvalbein.jpg\" alt=\"\" class=\"wp-image-2733 size-full\"\/><\/a><\/figure><div class=\"wp-block-media-text__content\">\n<p><a rel=\"noreferrer noopener\" target=\"_blank\" href=\"https:\/\/emea01.safelinks.protection.outlook.com\/?url=https%3A%2F%2Fwww.facebook.com%2Fmargrete.tjenesteveien%3F__cft__%255b0%255d%3DAZWTKrI1ltRva2JhDZfi9SiPVbnW9kH4733ER2GleUrH_ZPiYkliNZ3eWGCcjUM_b95ThWGpjYgyMOitKeMGGWOTtPGBcYutGQqSXN6ElpmCC0xCfyRDdgeh_4GjSqN87T--q-hflW0YEyceG4zaBU7g2sQIBITQea_ba1NTYA4WxQ%26__tn__%3D-%255dK-R&amp;data=05%7C02%7C%7C0ac6b14883d9443c963408dddbe172be%7C84df9e7fe9f640afb435aaaaaaaaaaaa%7C1%7C0%7C638908483529512561%7CUnknown%7CTWFpbGZsb3d8eyJFbXB0eU1hcGkiOnRydWUsIlYiOiIwLjAuMDAwMCIsIlAiOiJXaW4zMiIsIkFOIjoiTWFpbCIsIldUIjoyfQ%3D%3D%7C0%7C%7C%7C&amp;sdata=y1X%2FR%2BJo2IBEt1mymJJxTT0n4zsuNDISftu1oEfdeUo%3D&amp;reserved=0\"><strong>Margrete Kvalbein<\/strong><\/a>&nbsp;er utdanna dansar og prest. Fr\u00e5 tidleg 90-tall har ho hatt oppdrag og laga scenekunst for ulike kyrkjer, og i 2021 blei ho vigsla til prest. No arbeider ho i Kulturkyrkja Immanuel i Halden. Ho har skrive boka &laquo;Henvendt. Overgitt \/ Kroppen i Guds hus&raquo; (Verbum, 2015), og har i ei \u00e5rrekke virka som skribent og scenekunst-kritikar.<\/p>\n\n\n\n<p>Fr\u00e5 ung \u00e5lder har ho utvikla ein s\u00e6rleg sans for musikken til Messiaen som dansepartnar. D\u00e5 Klangfestivalen utfordra ho med eit musikkstykke fr\u00e5 denne komponisten, har ho tatt ei &laquo;pause fr\u00e5 pensjonisttilv\u00e6ret&raquo; som ut\u00f8vande dansar, og gler seg til \u00e5 svare p\u00e5 kyrkjerommet og musikken slik dei m\u00f8ter publikum og kyrkjelyd i festivalen 2025.<\/p>\n\n\n\n<p>P\u00e5 markeringa av frigjeringsjubileet dansar ho til eit utdrag fr\u00e5 \u00abKvartett for tidens ende\u00bb (Quattuor pour la fin de temps) av Olivier Messiaen (1908-1992), saman med pianist Radmila Stojkovic, Trond Harald Saltnes, fiolin, Marcus Alexandersson, klarinett, og cellist Zhala Aliyeva<\/p>\n\n\n\n<p>Ho er ogs\u00e5 med p\u00e5 KONSERGUDSTENESTE for H\u00c5P og FRIDOM s\u00f8ndag kl. 12, der f\u00e5r vi oppleve Margrete saman med ensemblet fr\u00e5 Circle of Art\/elevar fr\u00e5 Landslinje for Jazz, Knut Anders Vestad ved orgelet, sokneprest Bj\u00f8rg Myhre, kor og kyrkjelyd.<\/p>\n<\/div><\/div>\n\n\n\n<div class=\"wp-block-media-text is-stacked-on-mobile is-vertically-aligned-top\" style=\"grid-template-columns:25% auto\"><figure class=\"wp-block-media-text__media\"><a href=\"https:\/\/klangfestivalen.no\/wp-content\/uploads\/2025\/08\/Kvartett-til-tidens-ende-plakat-fra-1941.jpg\"><img loading=\"lazy\" decoding=\"async\" width=\"696\" height=\"1024\" src=\"https:\/\/klangfestivalen.no\/wp-content\/uploads\/2025\/08\/Kvartett-til-tidens-ende-plakat-fra-1941-696x1024.jpg\" alt=\"\" class=\"wp-image-2734 size-full\" srcset=\"https:\/\/klangfestivalen.no\/wp-content\/uploads\/2025\/08\/Kvartett-til-tidens-ende-plakat-fra-1941-696x1024.jpg 696w, https:\/\/klangfestivalen.no\/wp-content\/uploads\/2025\/08\/Kvartett-til-tidens-ende-plakat-fra-1941-204x300.jpg 204w, https:\/\/klangfestivalen.no\/wp-content\/uploads\/2025\/08\/Kvartett-til-tidens-ende-plakat-fra-1941-768x1130.jpg 768w, https:\/\/klangfestivalen.no\/wp-content\/uploads\/2025\/08\/Kvartett-til-tidens-ende-plakat-fra-1941.jpg 960w\" sizes=\"auto, (max-width: 696px) 100vw, 696px\" \/><\/a><\/figure><div class=\"wp-block-media-text__content\">\n<p>KVARTETT FOR TIDENS ENDE vart urframf\u00f8rt utand\u00f8rs under sult og kalde forhold p\u00e5 delvis \u00f8delagte instrumenter i en fangeleir i januar 1941..<\/p>\n\n\n\n<p>I juni 1940 vart den franske komponisten Olivier Messiaen tatt til fange av tyskarane og sendt til ein fangeleir i G\u00f6rlitz.<\/p>\n\n\n\n<p>Ein av vaktene var menneskeleg nok til \u00e5 gje han blyant og papir.<\/p>\n\n\n\n<p>Messiaen komponerte for dei musikarane han hadde tilgjengeleg blant medfangane. Dermed endte han opp med fiolin, klarinett, cello og klaver.<\/p>\n\n\n\n<p>P\u00e5 konserten f\u00e5r vi h\u00f8yre sats 7 (av i alt 8 ) fr\u00e5 dette verket<\/p>\n\n\n\n<p>&laquo;Den mest overjordisk vakre musikken fr\u00e5 det 20. \u00e5rhundre&raquo; skriv Alex Ross, musikkritikar og forfattar.<\/p>\n\n\n\n<p>\u00abKvartett for tiden ende\u00bb blir rekna som eit av 1900-tallets mest sentrale kammermusikkverk.<\/p>\n<\/div><\/div>\n\n\n\n<hr class=\"wp-block-separator has-alpha-channel-opacity\"\/>\n\n\n\n<p class=\"has-medium-font-size\"><strong>Laurdag 23. august 1930 Tuva Halse Quintet: <\/strong><\/p>\n\n\n\n<div class=\"wp-block-media-text is-stacked-on-mobile is-vertically-aligned-top\" style=\"grid-template-columns:25% auto\"><figure class=\"wp-block-media-text__media\"><a href=\"https:\/\/klangfestivalen.no\/wp-content\/uploads\/2025\/06\/02-Tuva-Halse-Quintet-foto-Amanda-Iversen-Orlich-scaled.jpg\"><img loading=\"lazy\" decoding=\"async\" width=\"1024\" height=\"683\" src=\"https:\/\/klangfestivalen.no\/wp-content\/uploads\/2025\/06\/02-Tuva-Halse-Quintet-foto-Amanda-Iversen-Orlich-1024x683.jpg\" alt=\"\" class=\"wp-image-2554 size-full\" srcset=\"https:\/\/klangfestivalen.no\/wp-content\/uploads\/2025\/06\/02-Tuva-Halse-Quintet-foto-Amanda-Iversen-Orlich-1024x683.jpg 1024w, https:\/\/klangfestivalen.no\/wp-content\/uploads\/2025\/06\/02-Tuva-Halse-Quintet-foto-Amanda-Iversen-Orlich-300x200.jpg 300w, https:\/\/klangfestivalen.no\/wp-content\/uploads\/2025\/06\/02-Tuva-Halse-Quintet-foto-Amanda-Iversen-Orlich-768x512.jpg 768w, https:\/\/klangfestivalen.no\/wp-content\/uploads\/2025\/06\/02-Tuva-Halse-Quintet-foto-Amanda-Iversen-Orlich-1536x1024.jpg 1536w, https:\/\/klangfestivalen.no\/wp-content\/uploads\/2025\/06\/02-Tuva-Halse-Quintet-foto-Amanda-Iversen-Orlich-2048x1365.jpg 2048w\" sizes=\"auto, (max-width: 1024px) 100vw, 1024px\" \/><\/a><\/figure><div class=\"wp-block-media-text__content\">\n<p>Tuva Halse, jazzfiolinist og komponist fr\u00e5 Molde, leverer sammen med fire unge musikarar fr\u00e5 den norske jazzscenen eit s\u00e6regent og ekspressivt uttrykk i skj\u00e6ringspunktet mellom klassisk, jazz og folkemusikk.<\/p>\n\n\n\n<p>Velkommen til konsert med TUVA HALSE QUINTET<\/p>\n\n\n\n<p>Tuva Halse \u2013 fiolin, komposisjonar <br>Oscar Andreas Haug \u2013 trompet <br>Benjam\u00edn G\u00edsli Einarsson \u2013 piano <br>Gard Kronborg \u2013 bass <br>\u00d8ystein Aarnes Vik \u2013 trommer<\/p>\n\n\n\n<p>Med fengslande stemning og gripande samspel drar Tuva Halse Quintet deg inn i sitt lyriske univers fr\u00e5 f\u00f8rste tone. Kvintetten best\u00e5r av fem unge musikarar som dei siste \u00e5ra verkeleg har markert seg p\u00e5 den norske jazzscena.<\/p>\n\n\n\n<p>Debutalbumet \u201cTwo\u201d (Jazzland Recordings) fekk str\u00e5lande kritikkar b\u00e5de nasjonalt og internasjonalt d\u00e5 det kom ut hausten 2023. Med r\u00f8ter i nordisk jazz hentar kvintetten inspirasjon fr\u00e5 musikarar som Kenny Wheeler, Adam Baldych og Mathias Eick, samtidig som ein tydeleg h\u00f8yrer impulsar fr\u00e5 b\u00e5de folkemusikk og klassisk musikk.<\/p>\n\n\n\n<p>Musikken tek utgangspunkt i komposisjonane til fiolinist Tuva Halse, som i si melodi\u00f8se form vekslar mellom det melankolske og sentimentale til det intense og insisterande. Resultatet er eit s\u00e6reige og ekspressivt uttrykk i eit kontrastfylt univers.<\/p>\n\n\n\n<p>Foto: Amanda Iversen<\/p>\n<\/div><\/div>\n\n\n\n<p><\/p>\n\n\n\n<div class=\"wp-block-media-text is-stacked-on-mobile is-vertically-aligned-top\" style=\"grid-template-columns:25% auto\"><figure class=\"wp-block-media-text__media\"><a href=\"https:\/\/klangfestivalen.no\/wp-content\/uploads\/2025\/06\/01-Tuva-Halse-Portrett-foto-Marius-Beck-Dahle.jpg\"><img loading=\"lazy\" decoding=\"async\" width=\"1024\" height=\"683\" src=\"https:\/\/klangfestivalen.no\/wp-content\/uploads\/2025\/06\/01-Tuva-Halse-Portrett-foto-Marius-Beck-Dahle-1024x683.jpg\" alt=\"\" class=\"wp-image-2553 size-full\" srcset=\"https:\/\/klangfestivalen.no\/wp-content\/uploads\/2025\/06\/01-Tuva-Halse-Portrett-foto-Marius-Beck-Dahle-1024x683.jpg 1024w, https:\/\/klangfestivalen.no\/wp-content\/uploads\/2025\/06\/01-Tuva-Halse-Portrett-foto-Marius-Beck-Dahle-300x200.jpg 300w, https:\/\/klangfestivalen.no\/wp-content\/uploads\/2025\/06\/01-Tuva-Halse-Portrett-foto-Marius-Beck-Dahle-768x512.jpg 768w, https:\/\/klangfestivalen.no\/wp-content\/uploads\/2025\/06\/01-Tuva-Halse-Portrett-foto-Marius-Beck-Dahle-1536x1025.jpg 1536w, https:\/\/klangfestivalen.no\/wp-content\/uploads\/2025\/06\/01-Tuva-Halse-Portrett-foto-Marius-Beck-Dahle-2048x1366.jpg 2048w\" sizes=\"auto, (max-width: 1024px) 100vw, 1024px\" \/><\/a><\/figure><div class=\"wp-block-media-text__content\">\n<p>TUVA HALSE er ein improviserande fiolinist og komponist fr\u00e5 Molde. Ho har allereie spelt p\u00e5 fleire sentrale jazzscener i Noreg og Europa med eigne og andre sine prosjekt \u2013 mellom anna med namn som Mathias Eick, Tord Gustavsen, Mats Eilertsen, Sissel Vera Pettersen og Trondheim Jazzorkester \u2013 i tillegg til \u00e5 bidra p\u00e5 ei rekke utgjevingar innan ulike sjangrar.<\/p>\n\n\n\n<p>I 2024 fekk ho den gjeve utmerkinga NTNU-ambassad\u00f8r, heidra for \u00absin leikande lyriske nerve og ein sjeldan, modig kjenslevarheit i tone og spelestil\u00bb. Same \u00e5r fekk ho \u00f2g DNBs #huninvesterer-stipend under Kongsberg Jazzfestival, noko som resulterte i bestillingsverket \u201cAir Music\u201d med H\u00e5kon Kornstad som speisell gjest under \u00e5rets festival.<\/p>\n\n\n\n<p>Inspirert av natur, relasjonar og menneskelege emosjonar, komponerer ho musikk med improvisasjon i sentrum. I denne finn ein spor av b\u00e5de folkemusikk, klassisk musikk og nordisk jazz \u2013 spelt med ein varme og intimitet som grip lyttaren.<\/p>\n\n\n\n<p>&laquo;Fr\u00e5 f\u00f8rste l\u00e5t \u00abZeptember\u00bb er det det solide musikarhandverket som skin i mot oss. Og d\u00e5 s\u00e6rleg fr\u00e5 Halse sj\u00f8lv. Ho har ei tydeleg bumerke i spelet sitt, prega av b\u00e5de folkemusikkstilar, jazzfele og det vi kanskje kan kalle ECM-fele. Halse skaper melodiar og linjer, men aller mest s\u00e5 skaper ho ulike rom i musikken. [\u2026] La klangen av Tuva Halse Quintet varme opp stova i haustkulda!&raquo;<\/p>\n\n\n\n<p>\u2013 Torkjell Hovland (Ballade)<\/p>\n\n\n\n<p>&laquo;Med sin lette, lyse og sv\u00e6rt transparente tone har hun en evne til \u00e5 dra oss inn i sine musikalske budskap som er sjeldent for en s\u00e5 ung musikant.[\u2026] Et lyrisk, melodi\u00f8st og vakkert lydlandskap som det gj\u00f8r usedvanlig godt \u00e5 befinne seg i. Tuva Halse anno 2023 fremst\u00e5r allerede som ei helt s\u00e6rprega og egen stemme som har masse vakkert \u00e5 fortelle oss.\u201d<\/p>\n\n\n\n<p>\u2013 Tor Hammer\u00f8 (Nettavisen)<\/p>\n\n\n\n<p>I \u00e5r har Klangfestival eit samarbeid med &laquo;Circle of Art- Fra kulturskole til kunstner\u00bb, eit prosjekt der Tuva Halse har workshop for kulturskuleelevar i omegn og elevar fr\u00e5 Landslinje for Jazz ved Molde videreg\u00e5ende skole. Vi f\u00e5r oppleve noko av dette samspelet p\u00e5 festivalopninga fredag og konsertgudstenesta s\u00f8ndag.<\/p>\n\n\n\n<p>Foto Marius Beck Dahle<\/p>\n<\/div><\/div>\n\n\n\n<hr class=\"wp-block-separator has-alpha-channel-opacity\"\/>\n\n\n\n<p><strong>S\u00f8ndag 24. august 1200 Konsertgudsteneste: <\/strong><\/p>\n\n\n\n<div class=\"wp-block-media-text is-stacked-on-mobile is-vertically-aligned-top\" style=\"grid-template-columns:25% auto\"><figure class=\"wp-block-media-text__media\"><a href=\"https:\/\/klangfestivalen.no\/wp-content\/uploads\/2025\/08\/Konsertgudst-2025-525965576_1057156756533796_4926502347094594039_n.jpg\"><img loading=\"lazy\" decoding=\"async\" width=\"1024\" height=\"666\" src=\"https:\/\/klangfestivalen.no\/wp-content\/uploads\/2025\/08\/Konsertgudst-2025-525965576_1057156756533796_4926502347094594039_n-1024x666.jpg\" alt=\"\" class=\"wp-image-2721 size-full\" srcset=\"https:\/\/klangfestivalen.no\/wp-content\/uploads\/2025\/08\/Konsertgudst-2025-525965576_1057156756533796_4926502347094594039_n-1024x666.jpg 1024w, https:\/\/klangfestivalen.no\/wp-content\/uploads\/2025\/08\/Konsertgudst-2025-525965576_1057156756533796_4926502347094594039_n-300x195.jpg 300w, https:\/\/klangfestivalen.no\/wp-content\/uploads\/2025\/08\/Konsertgudst-2025-525965576_1057156756533796_4926502347094594039_n-768x500.jpg 768w, https:\/\/klangfestivalen.no\/wp-content\/uploads\/2025\/08\/Konsertgudst-2025-525965576_1057156756533796_4926502347094594039_n.jpg 1491w\" sizes=\"auto, (max-width: 1024px) 100vw, 1024px\" \/><\/a><\/figure><div class=\"wp-block-media-text__content\">\n<p>Velkommen til KONSERTGUDSTENESTE for H\u00c5P OG FRIDOM med dansande prest og ensemble fr\u00e5 Circle of Art\/elevar fr\u00e5 Landslinje for jazz, leia av Tuva Halse.<\/p>\n\n\n\n<p>Medverkande:<br>Bj\u00f8rg Myhre, liturg<br>Margrete Kvalbein, dansar og prest<br>Tuva Halse, fiolin<br>Fiona Wallin Norenberg, vibrafon<br>Colin Nogva, trommer<br>Angelica S\u00e6ter, fl\u00f8yte<br>Martin Herskedal, trompet<br>Markus Emblem, bass<br>Klangkoret, dirigent Gunn Sissel B. H\u00e5seth<br>Knut Anders Vestad, orgel<\/p>\n\n\n\n<p>Kyrkjekaffi<br>Gratis inngang\/kollekt&nbsp;<\/p>\n<\/div><\/div>\n\n\n\n<div class=\"wp-block-media-text is-stacked-on-mobile is-vertically-aligned-top\" style=\"grid-template-columns:25% auto\"><figure class=\"wp-block-media-text__media\"><a href=\"https:\/\/klangfestivalen.no\/wp-content\/uploads\/2025\/08\/Margrete-Kvalbein-dans.jpg\"><img loading=\"lazy\" decoding=\"async\" width=\"701\" height=\"1024\" src=\"https:\/\/klangfestivalen.no\/wp-content\/uploads\/2025\/08\/Margrete-Kvalbein-dans-701x1024.jpg\" alt=\"\" class=\"wp-image-2722 size-full\" srcset=\"https:\/\/klangfestivalen.no\/wp-content\/uploads\/2025\/08\/Margrete-Kvalbein-dans-701x1024.jpg 701w, https:\/\/klangfestivalen.no\/wp-content\/uploads\/2025\/08\/Margrete-Kvalbein-dans-205x300.jpg 205w, https:\/\/klangfestivalen.no\/wp-content\/uploads\/2025\/08\/Margrete-Kvalbein-dans-768x1122.jpg 768w, https:\/\/klangfestivalen.no\/wp-content\/uploads\/2025\/08\/Margrete-Kvalbein-dans.jpg 997w\" sizes=\"auto, (max-width: 701px) 100vw, 701px\" \/><\/a><\/figure><div class=\"wp-block-media-text__content\">\n<p>MARGRETE KVALBEIN er utdanna dansar og prest. Fr\u00e5 tidleg 90-tall har ho hatt oppdrag og laga scenekunst for ulike kyrkjer, og i 2021 blei ho vigsla til prest. No arbeider ho i Kulturkyrkja Immanuel i Halden. Ho har skrive boka &laquo;Henvendt. Overgitt \/ Kroppen i Guds hus&raquo; (Verbum, 2015), og har i ei \u00e5rrekke virka som skribent og scenekunst-kritikar.<\/p>\n\n\n\n<p>P\u00e5 konsertgudstenesta f\u00e5r vi oppleve Margrete saman med ensemblet fr\u00e5 Circle of Art\/elevar fr\u00e5 Landslinje for Jazz, Knut Anders Vestad ved orgelet, sokneprest Bj\u00f8rg Myhre, kor og kyrkjelyd.<\/p>\n\n\n\n<p>Ho er ogs\u00e5 med p\u00e5 konserten laurdag 23. august kl. 17: &laquo;Fred, Fredose, Fred&raquo;, saman med pianist Radmila Stojkovic, Marcus Alexandersson, klarinett, Trond Harald Saltnes, fiolin, cellist Zhala Aliyeva i sats 7 fr\u00e5 den franske komponisten Olivier Messiaen (1908-1992) sin &laquo;Kvartett til tidens ende&raquo;<\/p>\n\n\n\n<p>Fr\u00e5 ung \u00e5lder har ho utvikla ein s\u00e6rleg sans for musikken til Messiaen som dansepartnar. D\u00e5 Klangfestivalen utfordra ho med eit musikkstykke fr\u00e5 denne komponisten, har ho tatt ei &laquo;pause fra pensjonisttilv\u00e6ret&raquo; som ut\u00f8vande dansar, og gler seg til \u00e5 svare p\u00e5 kyrkjerommet og musikken slik dei m\u00f8ter publikum og kyrkjelyd i festivalen 2025.<\/p>\n\n\n\n<p><\/p>\n<\/div><\/div>\n\n\n\n<div class=\"wp-block-media-text is-stacked-on-mobile is-vertically-aligned-top\" style=\"grid-template-columns:25% auto\"><figure class=\"wp-block-media-text__media\"><a href=\"https:\/\/klangfestivalen.no\/wp-content\/uploads\/2025\/06\/Circle-of-art.jpg\"><img loading=\"lazy\" decoding=\"async\" width=\"600\" height=\"232\" src=\"https:\/\/klangfestivalen.no\/wp-content\/uploads\/2025\/06\/Circle-of-art.jpg\" alt=\"\" class=\"wp-image-2644 size-full\" srcset=\"https:\/\/klangfestivalen.no\/wp-content\/uploads\/2025\/06\/Circle-of-art.jpg 600w, https:\/\/klangfestivalen.no\/wp-content\/uploads\/2025\/06\/Circle-of-art-300x116.jpg 300w\" sizes=\"auto, (max-width: 600px) 100vw, 600px\" \/><\/a><\/figure><div class=\"wp-block-media-text__content\">\n<p>Klangfestivalen sitt elevseminar, &laquo;Ung klang&raquo; har dette \u00e5ret vore eit samarbeid med prosjektet &laquo;Circle of Art- Fra kulturskole til kunstner\u00bb ved Molde kulturskole, der nokre av elevane har hatt workshop med jazzmusikar og fiolinist Tuva Halse.<\/p>\n\n\n\n<p>Prosjektet (Circle of Art) er eit samarbeid mellom kulturskulane i Molde, Hustadvika, Vestnes og Rauma med samarbeidspartnerane Storyville, Moldejazz og Molde videreg\u00e5ende, i kunstartane: Musikk, dans, teater og kunst.<\/p>\n\n\n\n<p>Prosjektleiar for Circle of Art, Arne Torvik har vore opptatt av at elevane f\u00e5r m\u00f8te lokale profesjonelle kunstnarar med ulike kunstuttrykk, som kan inspirere, undervise og gje ein ekstra motor til \u00e5 g\u00e5 vidare med kunsten sin\u00bb.<\/p>\n\n\n\n<p>Vi takkar s\u00e5 mykje for at Klangfestivalen ogs\u00e5 f\u00e5r v\u00e6re ein arena for dette inspirerande prosjektet! Vi f\u00e5r h\u00f8yre duoen Tuva Halse (fiolin) og Tobias Eikrem R\u00e5mkes (klaver) p\u00e5 opninga fredag 23. august kl. 19.30 og ensemble fr\u00e5 Landslinja for jazz i Molde, som er med og spelar p\u00e5 konsertgudsteneste s\u00f8ndag 24. august kl.12.<\/p>\n\n\n\n<p><img loading=\"lazy\" decoding=\"async\" alt=\"\ud83c\udfbc\" height=\"16\" width=\"16\" src=\"blob:https:\/\/klangfestivalen.no\/f67268ba-624c-40ec-aeba-85caa8682b4b\">Velkommen!<\/p>\n<\/div><\/div>\n","protected":false},"excerpt":{"rendered":"<p>Fredag 22.august 1930 Festivalopning og konsert med Bj\u00f8rn Tomren og \u00c5se Britt Reme [&hellip;]<\/p>\n","protected":false},"author":1,"featured_media":0,"parent":0,"menu_order":0,"comment_status":"closed","ping_status":"closed","template":"","meta":{"footnotes":""},"class_list":["post-2234","page","type-page","status-publish","hentry"],"_links":{"self":[{"href":"https:\/\/klangfestivalen.no\/index.php?rest_route=\/wp\/v2\/pages\/2234","targetHints":{"allow":["GET"]}}],"collection":[{"href":"https:\/\/klangfestivalen.no\/index.php?rest_route=\/wp\/v2\/pages"}],"about":[{"href":"https:\/\/klangfestivalen.no\/index.php?rest_route=\/wp\/v2\/types\/page"}],"author":[{"embeddable":true,"href":"https:\/\/klangfestivalen.no\/index.php?rest_route=\/wp\/v2\/users\/1"}],"replies":[{"embeddable":true,"href":"https:\/\/klangfestivalen.no\/index.php?rest_route=%2Fwp%2Fv2%2Fcomments&post=2234"}],"version-history":[{"count":42,"href":"https:\/\/klangfestivalen.no\/index.php?rest_route=\/wp\/v2\/pages\/2234\/revisions"}],"predecessor-version":[{"id":2737,"href":"https:\/\/klangfestivalen.no\/index.php?rest_route=\/wp\/v2\/pages\/2234\/revisions\/2737"}],"wp:attachment":[{"href":"https:\/\/klangfestivalen.no\/index.php?rest_route=%2Fwp%2Fv2%2Fmedia&parent=2234"}],"curies":[{"name":"wp","href":"https:\/\/api.w.org\/{rel}","templated":true}]}}